{"id":3952,"date":"2017-10-27T15:09:31","date_gmt":"2017-10-27T13:09:31","guid":{"rendered":"https:\/\/ciastel.nutritect.com\/attivita\/rodeln\/"},"modified":"2018-09-27T20:05:35","modified_gmt":"2018-09-27T18:05:35","slug":"slittare","status":"publish","type":"page","link":"https:\/\/ciastel.it\/it\/attivita\/slittare\/","title":{"rendered":"Slittare a San Vigilio"},"content":{"rendered":"<p><div class=\"fusion-fullwidth fullwidth-box fusion-builder-row-1 nonhundred-percent-fullwidth non-hundred-percent-height-scrolling\" style=\"--awb-background-position:left top;--awb-border-radius-top-left:0px;--awb-border-radius-top-right:0px;--awb-border-radius-bottom-right:0px;--awb-border-radius-bottom-left:0px;--awb-padding-top:0px;--awb-padding-bottom:75px;--awb-border-sizes-top:0px;--awb-border-sizes-bottom:0px;--awb-flex-wrap:wrap;\" ><div class=\"fusion-builder-row fusion-row\"><div class=\"fusion-layout-column fusion_builder_column fusion-builder-column-0 fusion_builder_column_1_2 1_2 fusion-one-half fusion-column-first\" style=\"--awb-bg-size:cover;width:48%; margin-right: 4%;\"><div class=\"fusion-column-wrapper fusion-flex-column-wrapper-legacy\"><div class=\"fusion-text fusion-text-1\"><p style=\"letter-spacing: 4px; font-size: 13px; margin-bottom: 0px; text-align: left;\">SLITTARE A SAN VIGILIO<\/p>\n<h1 style=\"text-align: left;\">Divertimento sullo slittino nel bel mezzo delle Dolomiti<\/h1>\n<\/div><div class=\"fusion-sep-clear\"><\/div><div class=\"fusion-separator fusion-clearfix\" style=\"float:left;margin-top:0px;margin-bottom:20px;width:100%;max-width:50px;\"><div class=\"fusion-separator-border sep-single sep-solid\" style=\"--awb-height:20px;--awb-amount:20px;--awb-sep-color:#cbaa5c;border-color:#cbaa5c;border-top-width:1px;\"><\/div><\/div><div class=\"fusion-sep-clear\"><\/div><div class=\"fusion-text fusion-text-2\"><p>Dopo una bella passeggiata invernale attraverso i diversi paesaggi innevati o direttamente dalla stazione della funivia, potete mettervi in sella del vostro slittino e godervi la scattante partenza.<\/p>\n<p>Poich\u00e9 una passeggiata nella neve \u00e8 cos\u00ec faticosa, molte baite vi invitano a prendervi una pausa. E non appena vi sarete rinvigoriti con qualche prelibatezza sudtirolese, vi goderete ancora di pi\u00f9 la prossima partenza.<\/p>\n<p>Per chi tuttavia \u00e8 sulle piste da sci durante il giorno, pu\u00f2 addirittura slittare in serata a San Vigilio.<\/p>\n<\/div><div class=\"fusion-sep-clear\"><\/div><div class=\"fusion-separator fusion-full-width-sep\" style=\"margin-left: auto;margin-right: auto;margin-top:12px;width:100%;\"><\/div><div class=\"fusion-sep-clear\"><\/div><div class=\"fusion-clearfix\"><\/div><\/div><\/div><div class=\"fusion-layout-column fusion_builder_column fusion-builder-column-1 fusion_builder_column_1_2 1_2 fusion-one-half fusion-column-last\" style=\"--awb-padding-top:40px;--awb-padding-right:40px;--awb-padding-bottom:40px;--awb-padding-left:40px;--awb-bg-color:#ffffff;--awb-bg-color-hover:#ffffff;--awb-bg-size:cover;--awb-border-color:#ebeef1;--awb-border-top:1px;--awb-border-right:1px;--awb-border-bottom:1px;--awb-border-left:1px;--awb-border-style:solid;width:48%;\"><div class=\"fusion-column-wrapper fusion-flex-column-wrapper-legacy\"><div class=\"fusion-image-element in-legacy-container\" style=\"--awb-liftup-border-radius:0px;--awb-caption-title-font-family:var(--h2_typography-font-family);--awb-caption-title-font-weight:var(--h2_typography-font-weight);--awb-caption-title-font-style:var(--h2_typography-font-style);--awb-caption-title-size:var(--h2_typography-font-size);--awb-caption-title-transform:var(--h2_typography-text-transform);--awb-caption-title-line-height:var(--h2_typography-line-height);--awb-caption-title-letter-spacing:var(--h2_typography-letter-spacing);\"><div class=\"awb-image-frame awb-image-frame-1 imageframe-liftup\"><span class=\" fusion-imageframe imageframe-dropshadow imageframe-1\" style=\"border:13px solid #ffffff;-webkit-box-shadow: 3px 3px 7px rgba(0,0,0,0.3);box-shadow: 3px 3px 7px rgba(0,0,0,0.3);\"><a href=\"https:\/\/ciastel.it\/wp-content\/uploads\/2017\/10\/winter-tobogganing-copyright-tvb-kronplatz-photo-helmuth-rier-20120221-4015-sennes-senes-1024x681.jpg\" class=\"fusion-lightbox\" data-rel=\"iLightbox[slittare]\" data-title=\"Rodeln in St. Vigil\" title=\"Rodeln in St. Vigil\"><img decoding=\"async\" width=\"1024\" height=\"681\" src=\"https:\/\/ciastel.it\/wp-content\/uploads\/2017\/10\/winter-tobogganing-copyright-tvb-kronplatz-photo-helmuth-rier-20120221-4015-sennes-senes-1024x681.jpg\" alt class=\"img-responsive wp-image-5898\" srcset=\"https:\/\/ciastel.it\/wp-content\/uploads\/2017\/10\/winter-tobogganing-copyright-tvb-kronplatz-photo-helmuth-rier-20120221-4015-sennes-senes-200x133.jpg 200w, https:\/\/ciastel.it\/wp-content\/uploads\/2017\/10\/winter-tobogganing-copyright-tvb-kronplatz-photo-helmuth-rier-20120221-4015-sennes-senes-400x266.jpg 400w, https:\/\/ciastel.it\/wp-content\/uploads\/2017\/10\/winter-tobogganing-copyright-tvb-kronplatz-photo-helmuth-rier-20120221-4015-sennes-senes-600x399.jpg 600w, https:\/\/ciastel.it\/wp-content\/uploads\/2017\/10\/winter-tobogganing-copyright-tvb-kronplatz-photo-helmuth-rier-20120221-4015-sennes-senes-800x532.jpg 800w, https:\/\/ciastel.it\/wp-content\/uploads\/2017\/10\/winter-tobogganing-copyright-tvb-kronplatz-photo-helmuth-rier-20120221-4015-sennes-senes-1200x799.jpg 1200w\" sizes=\"(max-width: 800px) 100vw, 600px\" \/><\/a><\/span><\/div><\/div><div class=\"fusion-clearfix\"><\/div><\/div><\/div><div class=\"fusion-layout-column fusion_builder_column fusion-builder-column-2 fusion_builder_column_1_3 1_3 fusion-one-third fusion-column-first\" style=\"--awb-bg-size:cover;width:33.3333333333%;width:calc(33.3333333333% - ( ( 4% + 4% ) * 0.333333333333 ) );margin-right: 4%;\"><div class=\"fusion-column-wrapper fusion-flex-column-wrapper-legacy\"><div class=\"fusion-image-element in-legacy-container\" style=\"--awb-liftup-border-radius:0px;--awb-caption-title-font-family:var(--h2_typography-font-family);--awb-caption-title-font-weight:var(--h2_typography-font-weight);--awb-caption-title-font-style:var(--h2_typography-font-style);--awb-caption-title-size:var(--h2_typography-font-size);--awb-caption-title-transform:var(--h2_typography-text-transform);--awb-caption-title-line-height:var(--h2_typography-line-height);--awb-caption-title-letter-spacing:var(--h2_typography-letter-spacing);\"><div class=\"awb-image-frame awb-image-frame-2 imageframe-liftup\"><span class=\" fusion-imageframe imageframe-dropshadow imageframe-2\" style=\"-webkit-box-shadow: 3px 3px 7px rgba(0,0,0,0.3);box-shadow: 3px 3px 7px rgba(0,0,0,0.3);\"><a href=\"https:\/\/ciastel.it\/wp-content\/uploads\/2017\/10\/w-tobogganing-c-tvb-kronplatz-photo-helmuth-rier-20120221_4020_sennes-senes-1024x681.jpg\" class=\"fusion-lightbox\" data-rel=\"iLightbox[slittare]\"><img decoding=\"async\" width=\"1024\" height=\"681\" src=\"https:\/\/ciastel.it\/wp-content\/uploads\/2017\/10\/w-tobogganing-c-tvb-kronplatz-photo-helmuth-rier-20120221_4020_sennes-senes-1024x681.jpg\" alt class=\"img-responsive wp-image-5964\" srcset=\"https:\/\/ciastel.it\/wp-content\/uploads\/2017\/10\/w-tobogganing-c-tvb-kronplatz-photo-helmuth-rier-20120221_4020_sennes-senes-200x133.jpg 200w, https:\/\/ciastel.it\/wp-content\/uploads\/2017\/10\/w-tobogganing-c-tvb-kronplatz-photo-helmuth-rier-20120221_4020_sennes-senes-400x266.jpg 400w, https:\/\/ciastel.it\/wp-content\/uploads\/2017\/10\/w-tobogganing-c-tvb-kronplatz-photo-helmuth-rier-20120221_4020_sennes-senes-600x399.jpg 600w, https:\/\/ciastel.it\/wp-content\/uploads\/2017\/10\/w-tobogganing-c-tvb-kronplatz-photo-helmuth-rier-20120221_4020_sennes-senes-800x532.jpg 800w, https:\/\/ciastel.it\/wp-content\/uploads\/2017\/10\/w-tobogganing-c-tvb-kronplatz-photo-helmuth-rier-20120221_4020_sennes-senes-1200x799.jpg 1200w\" sizes=\"(max-width: 800px) 100vw, 400px\" \/><\/a><\/span><\/div><\/div><div class=\"fusion-clearfix\"><\/div><\/div><\/div><div class=\"fusion-layout-column fusion_builder_column fusion-builder-column-3 fusion_builder_column_1_3 1_3 fusion-one-third\" style=\"--awb-bg-size:cover;width:33.3333333333%;width:calc(33.3333333333% - ( ( 4% + 4% ) * 0.333333333333 ) );margin-right: 4%;\"><div class=\"fusion-column-wrapper fusion-flex-column-wrapper-legacy\"><div class=\"fusion-image-element in-legacy-container\" style=\"--awb-liftup-border-radius:0px;--awb-caption-title-font-family:var(--h2_typography-font-family);--awb-caption-title-font-weight:var(--h2_typography-font-weight);--awb-caption-title-font-style:var(--h2_typography-font-style);--awb-caption-title-size:var(--h2_typography-font-size);--awb-caption-title-transform:var(--h2_typography-text-transform);--awb-caption-title-line-height:var(--h2_typography-line-height);--awb-caption-title-letter-spacing:var(--h2_typography-letter-spacing);\"><div class=\"awb-image-frame awb-image-frame-3 imageframe-liftup\"><span class=\" fusion-imageframe imageframe-none imageframe-3\"><a href=\"https:\/\/ciastel.it\/wp-content\/uploads\/2017\/10\/w-tobogganing-c-tvb-kronplatz-photo-helmuth-rier-20120221_4012_sennes-senes-1024x681.jpg\" class=\"fusion-lightbox\" data-rel=\"iLightbox[slittare]\"><img decoding=\"async\" width=\"1024\" height=\"681\" src=\"https:\/\/ciastel.it\/wp-content\/uploads\/2017\/10\/w-tobogganing-c-tvb-kronplatz-photo-helmuth-rier-20120221_4012_sennes-senes-1024x681.jpg\" alt class=\"img-responsive wp-image-5966\" srcset=\"https:\/\/ciastel.it\/wp-content\/uploads\/2017\/10\/w-tobogganing-c-tvb-kronplatz-photo-helmuth-rier-20120221_4012_sennes-senes-200x133.jpg 200w, https:\/\/ciastel.it\/wp-content\/uploads\/2017\/10\/w-tobogganing-c-tvb-kronplatz-photo-helmuth-rier-20120221_4012_sennes-senes-400x266.jpg 400w, https:\/\/ciastel.it\/wp-content\/uploads\/2017\/10\/w-tobogganing-c-tvb-kronplatz-photo-helmuth-rier-20120221_4012_sennes-senes-600x399.jpg 600w, https:\/\/ciastel.it\/wp-content\/uploads\/2017\/10\/w-tobogganing-c-tvb-kronplatz-photo-helmuth-rier-20120221_4012_sennes-senes-800x532.jpg 800w, https:\/\/ciastel.it\/wp-content\/uploads\/2017\/10\/w-tobogganing-c-tvb-kronplatz-photo-helmuth-rier-20120221_4012_sennes-senes-1200x799.jpg 1200w\" sizes=\"(max-width: 800px) 100vw, 400px\" \/><\/a><\/span><\/div><\/div><div class=\"fusion-clearfix\"><\/div><\/div><\/div><div class=\"fusion-layout-column fusion_builder_column fusion-builder-column-4 fusion_builder_column_1_3 1_3 fusion-one-third fusion-column-last\" style=\"--awb-bg-size:cover;width:33.3333333333%;width:calc(33.3333333333% - ( ( 4% + 4% ) * 0.333333333333 ) );\"><div class=\"fusion-column-wrapper fusion-flex-column-wrapper-legacy\"><div class=\"fusion-image-element in-legacy-container\" style=\"--awb-liftup-border-radius:0px;--awb-caption-title-font-family:var(--h2_typography-font-family);--awb-caption-title-font-weight:var(--h2_typography-font-weight);--awb-caption-title-font-style:var(--h2_typography-font-style);--awb-caption-title-size:var(--h2_typography-font-size);--awb-caption-title-transform:var(--h2_typography-text-transform);--awb-caption-title-line-height:var(--h2_typography-line-height);--awb-caption-title-letter-spacing:var(--h2_typography-letter-spacing);\"><div class=\"awb-image-frame awb-image-frame-4 imageframe-liftup\"><span class=\" fusion-imageframe imageframe-none imageframe-4\"><a href=\"https:\/\/ciastel.it\/wp-content\/uploads\/2017\/10\/w-tobogganing-c-tvb-kronplatz-photo-manuel-kottersteger-_2016-04-01-mk__i7r4341_speikboden-1024x682.jpg\" class=\"fusion-lightbox\" data-rel=\"iLightbox[slittare]\"><img decoding=\"async\" width=\"1024\" height=\"682\" src=\"https:\/\/ciastel.it\/wp-content\/uploads\/2017\/10\/w-tobogganing-c-tvb-kronplatz-photo-manuel-kottersteger-_2016-04-01-mk__i7r4341_speikboden-1024x682.jpg\" alt class=\"img-responsive wp-image-5968\" srcset=\"https:\/\/ciastel.it\/wp-content\/uploads\/2017\/10\/w-tobogganing-c-tvb-kronplatz-photo-manuel-kottersteger-_2016-04-01-mk__i7r4341_speikboden-200x133.jpg 200w, https:\/\/ciastel.it\/wp-content\/uploads\/2017\/10\/w-tobogganing-c-tvb-kronplatz-photo-manuel-kottersteger-_2016-04-01-mk__i7r4341_speikboden-400x267.jpg 400w, https:\/\/ciastel.it\/wp-content\/uploads\/2017\/10\/w-tobogganing-c-tvb-kronplatz-photo-manuel-kottersteger-_2016-04-01-mk__i7r4341_speikboden-600x400.jpg 600w, https:\/\/ciastel.it\/wp-content\/uploads\/2017\/10\/w-tobogganing-c-tvb-kronplatz-photo-manuel-kottersteger-_2016-04-01-mk__i7r4341_speikboden-800x533.jpg 800w, https:\/\/ciastel.it\/wp-content\/uploads\/2017\/10\/w-tobogganing-c-tvb-kronplatz-photo-manuel-kottersteger-_2016-04-01-mk__i7r4341_speikboden-1200x800.jpg 1200w\" sizes=\"(max-width: 800px) 100vw, 400px\" \/><\/a><\/span><\/div><\/div><div class=\"fusion-clearfix\"><\/div><\/div><\/div><\/div><\/div><div class=\"fusion-fullwidth fullwidth-box fusion-builder-row-2 nonhundred-percent-fullwidth non-hundred-percent-height-scrolling\" style=\"--awb-border-radius-top-left:0px;--awb-border-radius-top-right:0px;--awb-border-radius-bottom-right:0px;--awb-border-radius-bottom-left:0px;--awb-padding-bottom:75px;--awb-flex-wrap:wrap;\" ><div class=\"fusion-builder-row fusion-row\"><div class=\"fusion-layout-column fusion_builder_column fusion-builder-column-5 fusion_builder_column_1_5 1_5 fusion-one-fifth fusion-column-first\" style=\"--awb-bg-size:cover;width:20%;width:calc(20% - ( ( 4% + 4% ) * 0.2 ) );margin-right: 4%;\"><div class=\"fusion-column-wrapper fusion-flex-column-wrapper-legacy\"><div class=\"fusion-clearfix\"><\/div><\/div><\/div><div class=\"fusion-layout-column fusion_builder_column fusion-builder-column-6 fusion_builder_column_3_5 3_5 fusion-three-fifth\" style=\"--awb-bg-size:cover;width:60%;width:calc(60% - ( ( 4% + 4% ) * 0.6 ) );margin-right: 4%;\"><div class=\"fusion-column-wrapper fusion-flex-column-wrapper-legacy\"><div class=\"accordian fusion-accordian\" style=\"--awb-border-size:1px;--awb-icon-size:13px;--awb-content-font-size:16px;--awb-icon-alignment:left;--awb-hover-color:#f9f9f9;--awb-border-color:#cccccc;--awb-background-color:#ffffff;--awb-divider-color:#e0dede;--awb-divider-hover-color:#e0dede;--awb-icon-color:#ffffff;--awb-title-color:#171717;--awb-content-color:#222222;--awb-icon-box-color:#333333;--awb-toggle-hover-accent-color:#cbaa5c;--awb-title-font-family:&quot;Playfair Display&quot;;--awb-title-font-weight:400;--awb-title-font-style:normal;--awb-title-font-size:18px;--awb-title-letter-spacing:0px;--awb-title-line-height:1.67;--awb-content-font-family:&quot;Questrial&quot;;--awb-content-font-style:normal;--awb-content-font-weight:400;\"><div class=\"panel-group fusion-toggle-icon-boxed\" id=\"accordion-3952-1\"><div class=\"fusion-panel panel-default panel-549db0c41785881d0 fusion-toggle-no-divider fusion-toggle-boxed-mode\"><div class=\"panel-heading\"><h4 class=\"panel-title toggle\" id=\"toggle_549db0c41785881d0\"><a aria-expanded=\"false\" aria-controls=\"549db0c41785881d0\" role=\"button\" data-toggle=\"collapse\" data-target=\"#549db0c41785881d0\" href=\"#549db0c41785881d0\"><span class=\"fusion-toggle-icon-wrapper\" aria-hidden=\"true\"><i class=\"fa-fusion-box active-icon awb-icon-minus\" aria-hidden=\"true\"><\/i><i class=\"fa-fusion-box inactive-icon awb-icon-plus\" aria-hidden=\"true\"><\/i><\/span><span class=\"fusion-toggle-heading\">San Vigilio - Cianross | Munt da Rina<\/span><\/a><\/h4><\/div><div id=\"549db0c41785881d0\" class=\"panel-collapse collapse \" aria-labelledby=\"toggle_549db0c41785881d0\"><div class=\"panel-body toggle-content fusion-clearfix\">\n<span class=\"fusion-dropcap dropcap\">N<\/span>el comprensorio di San Vigilio si trovano due piste per slittino che aspettano solo di essere testate da voi!<\/p>\n<h5>St. Vigil Zentrum &#8211; Cianross<\/h5>\n<p>Il Cianross vi conquister\u00e0 con la sua facile raggiungibilit\u00e0: si trova esattamente da noi a San Vigilio e appartiene al comprensorio sciistico di Plan de Corones. In pi\u00f9 si pu\u00f2 dire che la salita non deve essere conquistata con mille fatiche, ma pu\u00f2 essere comodamente raggiunta con la funivia!<\/p>\n<p>Un altro punto degno di nota del Cianross \u00e8 il grande impianto di illuminazione, che vi permette di slittare in notturna ogni marted\u00ec e gioved\u00ec dalle 20:00 alle 22:00.<\/p>\n<script type=\"text\/javascript\" src=\"https:\/\/www.outdooractive.com\/en\/sledding\/dolomites-kronplatz\/cianross\/16570292\/tour2go\"><\/script>\n<h5><\/h5>\n<h5>Welschellen &#8211; Munt da Rina<\/h5>\n<p>In Welschellen befindet sich die Munt da Rina Rodelbahn, welche an der Welschellener Alm beginnt, die auch im Winter ge\u00f6ffnet ist. So k\u00f6nnen Sie sich aufw\u00e4rmen und st\u00e4rken, bevor es auf den Rodel geht!<\/p>\n<script type=\"text\/javascript\" src=\"https:\/\/www.outdooractive.com\/en\/sledding\/dolomites-kronplatz\/welschellen--munt-da-rina\/16419092\/tour2go\"><\/script>\n<\/div><\/div><\/div><div class=\"fusion-panel panel-default panel-b0b498127ba2eb3eb fusion-toggle-no-divider fusion-toggle-boxed-mode\"><div class=\"panel-heading\"><h4 class=\"panel-title toggle\" id=\"toggle_b0b498127ba2eb3eb\"><a aria-expanded=\"false\" aria-controls=\"b0b498127ba2eb3eb\" role=\"button\" data-toggle=\"collapse\" data-target=\"#b0b498127ba2eb3eb\" href=\"#b0b498127ba2eb3eb\"><span class=\"fusion-toggle-icon-wrapper\" aria-hidden=\"true\"><i class=\"fa-fusion-box active-icon awb-icon-minus\" aria-hidden=\"true\"><\/i><i class=\"fa-fusion-box inactive-icon awb-icon-plus\" aria-hidden=\"true\"><\/i><\/span><span class=\"fusion-toggle-heading\">Peder\u00fc - Sennes | Fanes<\/span><\/a><\/h4><\/div><div id=\"b0b498127ba2eb3eb\" class=\"panel-collapse collapse \" aria-labelledby=\"toggle_b0b498127ba2eb3eb\"><div class=\"panel-body toggle-content fusion-clearfix\">\n<div class=\"fusion-image-element in-legacy-container\" style=\"--awb-liftup-border-radius:0px;--awb-caption-title-font-family:var(--h2_typography-font-family);--awb-caption-title-font-weight:var(--h2_typography-font-weight);--awb-caption-title-font-style:var(--h2_typography-font-style);--awb-caption-title-size:var(--h2_typography-font-size);--awb-caption-title-transform:var(--h2_typography-text-transform);--awb-caption-title-line-height:var(--h2_typography-line-height);--awb-caption-title-letter-spacing:var(--h2_typography-letter-spacing);\"><div class=\"awb-image-frame awb-image-frame-5 imageframe-liftup\"><span class=\" fusion-imageframe imageframe-none imageframe-5\"><img decoding=\"async\" width=\"1024\" height=\"681\" src=\"https:\/\/ciastel.it\/wp-content\/uploads\/2017\/10\/w-tobogganing-c-tvb-kronplatz-photo-helmuth-rier-20120221_4020_sennes-senes-1-1024x681.jpg\" alt class=\"img-responsive wp-image-5970\" srcset=\"https:\/\/ciastel.it\/wp-content\/uploads\/2017\/10\/w-tobogganing-c-tvb-kronplatz-photo-helmuth-rier-20120221_4020_sennes-senes-1-200x133.jpg 200w, https:\/\/ciastel.it\/wp-content\/uploads\/2017\/10\/w-tobogganing-c-tvb-kronplatz-photo-helmuth-rier-20120221_4020_sennes-senes-1-400x266.jpg 400w, https:\/\/ciastel.it\/wp-content\/uploads\/2017\/10\/w-tobogganing-c-tvb-kronplatz-photo-helmuth-rier-20120221_4020_sennes-senes-1-600x399.jpg 600w, https:\/\/ciastel.it\/wp-content\/uploads\/2017\/10\/w-tobogganing-c-tvb-kronplatz-photo-helmuth-rier-20120221_4020_sennes-senes-1-800x532.jpg 800w, https:\/\/ciastel.it\/wp-content\/uploads\/2017\/10\/w-tobogganing-c-tvb-kronplatz-photo-helmuth-rier-20120221_4020_sennes-senes-1-1200x799.jpg 1200w\" sizes=\"(max-width: 800px) 100vw, 800px\" \/><\/span><\/div><\/div>\n<span class=\"fusion-dropcap dropcap\">P<\/span>eder\u00fc, welches am Ende des Rautals liegt, ist der ideale Ausgangsort f\u00fcr sch\u00f6ne Winterwanderungen. So zum Beispiel zur Fanes- oder Sennesalm, die sich inmitten des sch\u00f6nen Naturpark Fanes-Sennes-Prags befinden.<\/p>\n<p>Und da die Forstwege daf\u00fcr geeignet sind, lohnt es sich beim Aufstieg einen Rodel f\u00fcr die Abfahrt mitzunehmen!<\/p>\n<\/div><\/div><\/div><div class=\"fusion-panel panel-default panel-e1ba10d0ca89ab77a fusion-toggle-no-divider fusion-toggle-boxed-mode\"><div class=\"panel-heading\"><h4 class=\"panel-title toggle\" id=\"toggle_e1ba10d0ca89ab77a\"><a aria-expanded=\"false\" aria-controls=\"e1ba10d0ca89ab77a\" role=\"button\" data-toggle=\"collapse\" data-target=\"#e1ba10d0ca89ab77a\" href=\"#e1ba10d0ca89ab77a\"><span class=\"fusion-toggle-icon-wrapper\" aria-hidden=\"true\"><i class=\"fa-fusion-box active-icon awb-icon-minus\" aria-hidden=\"true\"><\/i><i class=\"fa-fusion-box inactive-icon awb-icon-plus\" aria-hidden=\"true\"><\/i><\/span><span class=\"fusion-toggle-heading\">Reischach - Korer<\/span><\/a><\/h4><\/div><div id=\"e1ba10d0ca89ab77a\" class=\"panel-collapse collapse \" aria-labelledby=\"toggle_e1ba10d0ca89ab77a\"><div class=\"panel-body toggle-content fusion-clearfix\">\n<span class=\"fusion-dropcap dropcap\">D<\/span>all&#8217;altra parte del Plan de Corones a Reischach si trova la seconda pista per lo slittino del comprensorio sciistico Plan de Corones &#8211; la pista per slittino Korer. Come anche presso il Cianross a San Vigilio, potete slittare senza la fatica della risalita. Per poter usare la seggiovia, vi servir\u00e0 naturalmente uno Skipass, ma in compenso vi garantir\u00e0 una slittata senza fatica e il doppio divertente!<\/p>\n<script type=\"text\/javascript\" src=\"https:\/\/www.outdooractive.com\/en\/sledding\/dolomites-kronplatz\/korer\/16570539\/tour2go\"><\/script>\n<\/div><\/div><\/div><div class=\"fusion-panel panel-default panel-18a4d8a8c632f53b7 fusion-toggle-no-divider fusion-toggle-boxed-mode\"><div class=\"panel-heading\"><h4 class=\"panel-title toggle\" id=\"toggle_18a4d8a8c632f53b7\"><a aria-expanded=\"false\" aria-controls=\"18a4d8a8c632f53b7\" role=\"button\" data-toggle=\"collapse\" data-target=\"#18a4d8a8c632f53b7\" href=\"#18a4d8a8c632f53b7\"><span class=\"fusion-toggle-icon-wrapper\" aria-hidden=\"true\"><i class=\"fa-fusion-box active-icon awb-icon-minus\" aria-hidden=\"true\"><\/i><i class=\"fa-fusion-box inactive-icon awb-icon-plus\" aria-hidden=\"true\"><\/i><\/span><span class=\"fusion-toggle-heading\">Valdora - Brunst<\/span><\/a><\/h4><\/div><div id=\"18a4d8a8c632f53b7\" class=\"panel-collapse collapse \" aria-labelledby=\"toggle_18a4d8a8c632f53b7\"><div class=\"panel-body toggle-content fusion-clearfix\">\n<span class=\"fusion-dropcap dropcap\">L<\/span>a pista per slittino Brunst\u00a0a Valdora \u00e8 lunga 7 chilometri e quella meglio attrezzata. Questo divertimento sulla neve non si pu\u00f2 proprio farselo scappare!<\/p>\n<p>Il traguardo della risalita \u00e8 pre la precisione la baita Brunst, tuttavia in inverno non \u00e8 aperta. Per questo vi consigliamo di portarvi sufficienti provviste con voi sulla vetta.<\/p>\n<script type=\"text\/javascript\" src=\"https:\/\/www.outdooractive.com\/en\/sledding\/dolomites-kronplatz\/toboggan-run-brunst\/16419466\/tour2go\"><\/script>\n<\/div><\/div><\/div><div class=\"fusion-panel panel-default panel-9f050fd99a4f78b67 fusion-toggle-no-divider fusion-toggle-boxed-mode\"><div class=\"panel-heading\"><h4 class=\"panel-title toggle\" id=\"toggle_9f050fd99a4f78b67\"><a aria-expanded=\"false\" aria-controls=\"9f050fd99a4f78b67\" role=\"button\" data-toggle=\"collapse\" data-target=\"#9f050fd99a4f78b67\" href=\"#9f050fd99a4f78b67\"><span class=\"fusion-toggle-icon-wrapper\" aria-hidden=\"true\"><i class=\"fa-fusion-box active-icon awb-icon-minus\" aria-hidden=\"true\"><\/i><i class=\"fa-fusion-box inactive-icon awb-icon-plus\" aria-hidden=\"true\"><\/i><\/span><span class=\"fusion-toggle-heading\">Passo delle Erbe - Fornela<\/span><\/a><\/h4><\/div><div id=\"9f050fd99a4f78b67\" class=\"panel-collapse collapse \" aria-labelledby=\"toggle_9f050fd99a4f78b67\"><div class=\"panel-body toggle-content fusion-clearfix\">\n<span class=\"fusion-dropcap dropcap\">S<\/span>ul Passo delle Erbe troverete una bella pista pronta per voi, dalla quale potete ammirare le impressionanti trasformazioni rocciose delle Dolomiti.<\/p>\n<p>Degno di nota della pista Fornela \u00e8 il noleggio slittini nel ristorante della montagna, vale a dire che potete andare a passeggiare serenamente nel panorama invernale, senza dovervi trascinare dietro lo slittino. Per on dover andare a slittare con lo stomaco vuoto, ci sono sullo \u00dctia de B\u00f6rz\u00a0naturalmente anche piatti caldi e bevande, \u00a0in modo che possiate rimettervi in strada col pieno di energie.<\/p>\n<script type=\"text\/javascript\" src=\"https:\/\/www.outdooractive.com\/en\/sledding\/dolomites-alta-badia\/passo-delle-erbe--fonela\/17276142\/tour2go\"><\/script>\n<\/div><\/div><\/div><\/div><\/div><div class=\"fusion-clearfix\"><\/div><\/div><\/div><div class=\"fusion-layout-column fusion_builder_column fusion-builder-column-7 fusion_builder_column_1_5 1_5 fusion-one-fifth fusion-column-last\" style=\"--awb-bg-size:cover;width:20%;width:calc(20% - ( ( 4% + 4% ) * 0.2 ) );\"><div class=\"fusion-column-wrapper fusion-flex-column-wrapper-legacy\"><div class=\"fusion-clearfix\"><\/div><\/div><\/div><\/div><\/div><div class=\"fusion-fullwidth fullwidth-box fusion-builder-row-3 nonhundred-percent-fullwidth non-hundred-percent-height-scrolling\" style=\"--awb-background-position:left top;--awb-border-radius-top-left:0px;--awb-border-radius-top-right:0px;--awb-border-radius-bottom-right:0px;--awb-border-radius-bottom-left:0px;--awb-padding-top:120px;--awb-padding-bottom:70px;--awb-background-color:#f4f6f8;--awb-border-sizes-top:0px;--awb-border-sizes-bottom:0px;--awb-flex-wrap:wrap;\" ><div class=\"fusion-builder-row fusion-row\"><div class=\"fusion-layout-column fusion_builder_column fusion-builder-column-8 fusion_builder_column_3_5 3_5 fusion-three-fifth fusion-column-first\" style=\"--awb-padding-top:40px;--awb-padding-right:40px;--awb-padding-bottom:40px;--awb-padding-left:40px;--awb-bg-color:#ffffff;--awb-bg-color-hover:#ffffff;--awb-bg-size:cover;--awb-border-color:#ebeef1;--awb-border-top:1px;--awb-border-right:1px;--awb-border-bottom:1px;--awb-border-left:1px;--awb-border-style:solid;\"><div class=\"fusion-column-wrapper fusion-flex-column-wrapper-legacy\"><div class=\"fusion-image-element fusion-image-align-center in-legacy-container\" style=\"text-align:center;--awb-liftup-border-radius:0px;--awb-caption-title-font-family:var(--h2_typography-font-family);--awb-caption-title-font-weight:var(--h2_typography-font-weight);--awb-caption-title-font-style:var(--h2_typography-font-style);--awb-caption-title-size:var(--h2_typography-font-size);--awb-caption-title-transform:var(--h2_typography-text-transform);--awb-caption-title-line-height:var(--h2_typography-line-height);--awb-caption-title-letter-spacing:var(--h2_typography-letter-spacing);\"><div class=\"imageframe-align-center\"><div class=\"awb-image-frame awb-image-frame-6 imageframe-liftup\"><span class=\" fusion-imageframe imageframe-dropshadow imageframe-6\" style=\"border:13px solid #ffffff;-webkit-box-shadow: 3px 3px 7px rgba(0,0,0,0.3);box-shadow: 3px 3px 7px rgba(0,0,0,0.3);\"><a href=\"https:\/\/ciastel.it\/wp-content\/uploads\/2017\/10\/winter-ski-hut-feeling-copyright-tvb-kronplatz-photo-helmuth-rier-20120222-4162-wuerzjoch-passo-delle-erbe-1024x681.jpg\" class=\"fusion-lightbox\" data-rel=\"iLightbox[3e9d7e8b41e431419cf]\" data-title=\"H\u00fcttenpause am W\u00fcrzjoch\" title=\"H\u00fcttenpause am W\u00fcrzjoch\"><img decoding=\"async\" width=\"1024\" height=\"681\" src=\"https:\/\/ciastel.it\/wp-content\/uploads\/2017\/10\/winter-ski-hut-feeling-copyright-tvb-kronplatz-photo-helmuth-rier-20120222-4162-wuerzjoch-passo-delle-erbe-1024x681.jpg\" alt class=\"img-responsive wp-image-5896\" srcset=\"https:\/\/ciastel.it\/wp-content\/uploads\/2017\/10\/winter-ski-hut-feeling-copyright-tvb-kronplatz-photo-helmuth-rier-20120222-4162-wuerzjoch-passo-delle-erbe-200x133.jpg 200w, https:\/\/ciastel.it\/wp-content\/uploads\/2017\/10\/winter-ski-hut-feeling-copyright-tvb-kronplatz-photo-helmuth-rier-20120222-4162-wuerzjoch-passo-delle-erbe-400x266.jpg 400w, https:\/\/ciastel.it\/wp-content\/uploads\/2017\/10\/winter-ski-hut-feeling-copyright-tvb-kronplatz-photo-helmuth-rier-20120222-4162-wuerzjoch-passo-delle-erbe-600x399.jpg 600w, https:\/\/ciastel.it\/wp-content\/uploads\/2017\/10\/winter-ski-hut-feeling-copyright-tvb-kronplatz-photo-helmuth-rier-20120222-4162-wuerzjoch-passo-delle-erbe-800x532.jpg 800w, https:\/\/ciastel.it\/wp-content\/uploads\/2017\/10\/winter-ski-hut-feeling-copyright-tvb-kronplatz-photo-helmuth-rier-20120222-4162-wuerzjoch-passo-delle-erbe-1200x799.jpg 1200w\" sizes=\"(max-width: 800px) 100vw, 800px\" \/><\/a><\/span><\/div><\/div><\/div><div class=\"fusion-clearfix\"><\/div><\/div><\/div><div class=\"fusion-layout-column fusion_builder_column fusion-builder-column-9 fusion_builder_column_2_5 2_5 fusion-two-fifth fusion-column-last\" style=\"--awb-padding-right:40px;--awb-padding-left:40px;--awb-bg-position:right bottom;--awb-bg-size:cover;\"><div class=\"fusion-column-wrapper fusion-flex-column-wrapper-legacy\"><div class=\"fusion-column-content-centered\"><div class=\"fusion-column-content\"><div class=\"fusion-sep-clear\"><\/div><div class=\"fusion-separator fusion-full-width-sep\" style=\"margin-left: auto;margin-right: auto;margin-top:12px;width:100%;\"><\/div><div class=\"fusion-sep-clear\"><\/div><div class=\"fusion-text fusion-text-3\"><p style=\"letter-spacing: 4px; font-size: 13px; margin-bottom: 0px; text-align: center;\">BAITE IN INVERNO<\/p>\n<h1 style=\"text-align: center;\">La sosta in baita \u00a0prima del divertimento con lo slittino!<\/h1>\n<\/div><div class=\"fusion-sep-clear\"><\/div><div class=\"fusion-separator\" style=\"margin-left: auto;margin-right: auto;margin-top:0px;margin-bottom:20px;width:100%;max-width:50px;\"><div class=\"fusion-separator-border sep-single sep-solid\" style=\"--awb-height:20px;--awb-amount:20px;--awb-sep-color:#cbaa5c;border-color:#cbaa5c;border-top-width:1px;\"><\/div><\/div><div class=\"fusion-sep-clear\"><\/div><div class=\"fusion-text fusion-text-4\"><p>Dopo la bella passeggiata invernale con lo slittino al seguito, voglia di rifugiarsi in una baita e bere una bella cioccolata calda? Da noi non \u00e8 un problema! Molte delle baite sono aperte anche in inverno e soddisfano l\u2019appetito dei passeggiatori affamati con le diverse prelibatezze sudtirolesi. Maggiori informazioni sulle baite aperte sono ottenibili direttamente presso di noi.<\/p>\n<p style=\"text-align: center;\">Potete trovare un paio delle baite aperte anche in invero sulla nostra pagina per le passeggiate invernali:<\/p>\n<\/div><div class=\"fusion-aligncenter\"><a class=\"fusion-button button-flat button-large button-default fusion-button-default button-1 fusion-button-default-span \" style=\"--button-border-radius-top-left:0px;--button-border-radius-top-right:0px;--button-border-radius-bottom-right:0px;--button-border-radius-bottom-left:0px;\" target=\"_self\" href=\"https:\/\/ciastel.it\/it\/attivita\/camminate-invernali\/\"><span class=\"fusion-button-text awb-button__text awb-button__text--default fusion-button-text-right\">PASSEGGIATE D&#8217;INVERNO<\/span><span class=\"fusion-button-icon-divider button-icon-divider-right\"><i class=\" fa fa-angle-right awb-button__icon awb-button__icon--default\" aria-hidden=\"true\"><\/i><\/span><\/a><\/div><div class=\"fusion-sep-clear\"><\/div><div class=\"fusion-separator fusion-full-width-sep\" style=\"margin-left: auto;margin-right: auto;margin-top:55px;width:100%;\"><\/div><div class=\"fusion-sep-clear\"><\/div><\/div><\/div><div class=\"fusion-clearfix\"><\/div><\/div><\/div><\/div><\/div><div class=\"fusion-fullwidth fullwidth-box fusion-builder-row-4 hundred-percent-fullwidth non-hundred-percent-height-scrolling\" style=\"--awb-border-radius-top-left:0px;--awb-border-radius-top-right:0px;--awb-border-radius-bottom-right:0px;--awb-border-radius-bottom-left:0px;--awb-padding-top:0px;--awb-padding-right:0px;--awb-padding-bottom:0px;--awb-padding-left:0px;--awb-flex-wrap:wrap;\" ><div class=\"fusion-builder-row fusion-row\"><div class=\"fusion-layout-column fusion_builder_column fusion-builder-column-10 fusion_builder_column_1_1 1_1 fusion-one-full fusion-column-first fusion-column-last\" style=\"--awb-bg-size:cover;--awb-margin-bottom:0px;\"><div class=\"fusion-column-wrapper fusion-flex-column-wrapper-legacy\">\t\t\t\t\t<script type=\"text\/javascript\">\n\t\t\t\t\t\tvar map_fusion_map_69f1f1766a4b6;\n\t\t\t\t\t\tvar markers = [];\n\t\t\t\t\t\tvar counter = 0;\n\t\t\t\t\t\t\t\t\t\t\t\t\t\t\t\t\t\t\t\tvar fusionMapNonce = 'caaf9c021a';\n\t\t\t\t\t\t\t\t\t\t\t\tfunction fusion_run_map_fusion_map_69f1f1766a4b6() {\n\t\t\t\t\t\t\tjQuery ('#fusion_map_69f1f1766a4b6' ).fusion_maps( {\n\t\t\t\t\t\t\t\taddresses: [{\"address\":\"46.696433, 11.924887 \",\"infobox_content\":\"San Vigilio - Cianross \",\"marker\":\"https:\\\/\\\/ciastel.it\\\/wp-content\\\/plugins\\\/fusion-builder\\\/images\\\/avada_map_marker.png\",\"coordinates\":false,\"cache\":true,\"latitude\":\"46.698333\",\"longitude\":\"11.927909999999997\"},{\"address\":\" 46.671300, 11.935100 \",\"infobox_content\":\" San Vigilio - Biei \",\"marker\":\"https:\\\/\\\/ciastel.it\\\/wp-content\\\/plugins\\\/fusion-builder\\\/images\\\/avada_map_marker.png\",\"coordinates\":false,\"cache\":true,\"latitude\":\"46.66428519999999\",\"longitude\":\"11.929730199999995\"},{\"address\":\" 46.713821, 11.853119 \",\"infobox_content\":\" San Vigilio - Munt da Rina \",\"marker\":\"https:\\\/\\\/ciastel.it\\\/wp-content\\\/plugins\\\/fusion-builder\\\/images\\\/avada_map_marker.png\",\"coordinates\":false,\"cache\":true,\"latitude\":\"46.7026716\",\"longitude\":\"11.853066799999965\"},{\"address\":\" 46.772276, 11.940433 \",\"infobox_content\":\" Reischach - Korer \",\"marker\":\"https:\\\/\\\/ciastel.it\\\/wp-content\\\/plugins\\\/fusion-builder\\\/images\\\/avada_map_marker.png\",\"coordinates\":false,\"cache\":true,\"latitude\":\"46.7726\",\"longitude\":\"11.940720000000056\"},{\"address\":\" 46.732264, 12.066377 \",\"infobox_content\":\" Olang - Brunst \",\"marker\":\"https:\\\/\\\/ciastel.it\\\/wp-content\\\/plugins\\\/fusion-builder\\\/images\\\/avada_map_marker.png\",\"coordinates\":false,\"cache\":true,\"latitude\":\"46.7129813\",\"longitude\":\"12.092207899999948\"},{\"address\":\" 46.684091, 11.835267 \",\"infobox_content\":\" W\\u00fcrzjoch - Fornela \",\"marker\":\"https:\\\/\\\/ciastel.it\\\/wp-content\\\/plugins\\\/fusion-builder\\\/images\\\/avada_map_marker.png\",\"coordinates\":false,\"cache\":true,\"latitude\":\"46.6845419\",\"longitude\":\"11.835958900000037\"},{\"address\":\" 46.653630, 12.059442 \",\"infobox_content\":\" Peder\\u00fc - Sennes H\\u00fctte \",\"marker\":\"https:\\\/\\\/ciastel.it\\\/wp-content\\\/plugins\\\/fusion-builder\\\/images\\\/avada_map_marker.png\",\"coordinates\":false,\"cache\":true,\"latitude\":\"46.6520005\",\"longitude\":\"12.060328300000037\"},{\"address\":\" 46.611191, 12.007086\",\"infobox_content\":\" Peder\\u00fc - Lavarella H\\u00fctte\",\"marker\":\"https:\\\/\\\/ciastel.it\\\/wp-content\\\/plugins\\\/fusion-builder\\\/images\\\/avada_map_marker.png\",\"coordinates\":false,\"cache\":true,\"latitude\":\"46.6384515\",\"longitude\":\"12.041476500000044\"}],\n\t\t\t\t\t\t\t\tanimations: false,\n\t\t\t\t\t\t\t\tinfobox_background_color: '#ffffff',\n\t\t\t\t\t\t\t\tinfobox_styling: 'custom',\n\t\t\t\t\t\t\t\tinfobox_text_color: '#000000',\n\t\t\t\t\t\t\t\tmap_style: 'custom',\n\t\t\t\t\t\t\t\tmap_type: 'roadmap',\n\t\t\t\t\t\t\t\tmarker_icon: 'theme',\n\t\t\t\t\t\t\t\toverlay_color: '#ccb392',\n\t\t\t\t\t\t\t\toverlay_color_hsl: {\"hue\":34,\"sat\":36,\"lum\":69},\n\t\t\t\t\t\t\t\tshow_address: false,\n\t\t\t\t\t\t\t\tscale_control: true,\n\t\t\t\t\t\t\t\tscrollwheel: true,\n\t\t\t\t\t\t\t\tzoom: 11,\n\t\t\t\t\t\t\t\tzoom_control: true,\n\t\t\t\t\t\t\t} );\n\t\t\t\t\t\t}\n\n\t\t\t\t\t\tgoogle.maps.event.addDomListener(window, 'load', fusion_run_map_fusion_map_69f1f1766a4b6);\n\t\t\t\t\t<\/script>\n\t\t\t\t\t<div class=\"shortcode-map fusion-google-map fusion-maps-js-type\" style=\"--awb-height:400px;\" id=\"fusion_map_69f1f1766a4b6\"><\/div><div class=\"fusion-clearfix\"><\/div><\/div><\/div><\/div><\/div><div class=\"fusion-fullwidth fullwidth-box fusion-builder-row-5 fusion-parallax-none nonhundred-percent-fullwidth non-hundred-percent-height-scrolling\" style=\"--awb-background-position:left top;--awb-border-radius-top-left:0px;--awb-border-radius-top-right:0px;--awb-border-radius-bottom-right:0px;--awb-border-radius-bottom-left:0px;--awb-padding-top:100px;--awb-padding-bottom:100px;--awb-background-image:url(&quot;https:\/\/ciastel.it\/wp-content\/uploads\/2017\/10\/winter-hiking-copyright-tvb-kronplatz-photo-helmuth-rier-20120221-4047-sennes-senes.jpg&quot;);--awb-background-size:cover;--awb-border-sizes-top:0px;--awb-border-sizes-bottom:0px;--awb-flex-wrap:wrap;\" ><div class=\"fusion-builder-row fusion-row\"><div class=\"fusion-layout-column fusion_builder_column fusion-builder-column-11 fusion_builder_column_1_6 1_6 fusion-one-sixth fusion-column-first\" style=\"--awb-padding-top:10%;--awb-padding-right:10%;--awb-padding-bottom:10%;--awb-padding-left:10%;--awb-bg-size:cover;width:13.3333%; margin-right: 4%;\"><div class=\"fusion-column-wrapper fusion-flex-column-wrapper-legacy\"><div class=\"fusion-clearfix\"><\/div><\/div><\/div><div class=\"fusion-layout-column fusion_builder_column fusion-builder-column-12 fusion_builder_column_2_3 2_3 fusion-two-third\" style=\"--awb-padding-top:5%;--awb-padding-right:5%;--awb-padding-bottom:5%;--awb-padding-left:5%;--awb-bg-color:rgba(255,255,255,.7);--awb-bg-color-hover:rgba(255,255,255,.7);--awb-bg-size:cover;width:65.3333%; margin-right: 4%;\"><div class=\"fusion-column-wrapper fusion-flex-column-wrapper-legacy\"><div class=\"fusion-text fusion-text-5\"><p style=\"letter-spacing: 4px; font-size: 13px; margin-bottom: 0px; text-align: center;\">LA VOSTRA VACANZA INVERNALE A SAN VIGILIO<\/p>\n<h1 style=\"text-align: center;\">Vivete il meraviglioso inverno nelle Dolomiti!<\/h1>\n<\/div><div class=\"fusion-sep-clear\"><\/div><div class=\"fusion-separator\" style=\"margin-left: auto;margin-right: auto;margin-top:0px;margin-bottom:20px;width:100%;max-width:50px;\"><div class=\"fusion-separator-border sep-single sep-solid\" style=\"--awb-height:20px;--awb-amount:20px;--awb-sep-color:#cbaa5c;border-color:#cbaa5c;border-top-width:1px;\"><\/div><\/div><div class=\"fusion-sep-clear\"><\/div><div class=\"fusion-sep-clear\"><\/div><div class=\"fusion-separator fusion-full-width-sep\" style=\"margin-left: auto;margin-right: auto;margin-top:12px;width:100%;\"><\/div><div class=\"fusion-sep-clear\"><\/div><div class=\"fusion-aligncenter\"><a class=\"fusion-button button-flat fusion-button-default-size button-default fusion-button-default button-2 fusion-button-default-span \" style=\"--button-border-radius-top-left:0px;--button-border-radius-top-right:0px;--button-border-radius-bottom-right:0px;--button-border-radius-bottom-left:0px;\" target=\"_self\" href=\"https:\/\/ciastel.it\/it\/prenotazione\/\"><span class=\"fusion-button-text awb-button__text awb-button__text--default\">Prenota ora<\/span><\/a><\/div><div class=\"fusion-clearfix\"><\/div><\/div><\/div><div class=\"fusion-layout-column fusion_builder_column fusion-builder-column-13 fusion_builder_column_1_6 1_6 fusion-one-sixth fusion-column-last\" style=\"--awb-padding-top:10%;--awb-padding-right:10%;--awb-padding-bottom:10%;--awb-padding-left:10%;--awb-bg-size:cover;width:13.3333%;\"><div class=\"fusion-column-wrapper fusion-flex-column-wrapper-legacy\"><div class=\"fusion-clearfix\"><\/div><\/div><\/div><\/div><\/div><\/p>\n","protected":false},"excerpt":{"rendered":"","protected":false},"author":1,"featured_media":0,"parent":3880,"menu_order":0,"comment_status":"closed","ping_status":"closed","template":"100-width.php","meta":{"footnotes":""},"class_list":["post-3952","page","type-page","status-publish","hentry"],"yoast_head":"<!-- This site is optimized with the Yoast SEO plugin v27.5 - https:\/\/yoast.com\/product\/yoast-seo-wordpress\/ -->\n<title>Slittare a San Vigilio - Ciastel<\/title>\n<meta name=\"robots\" content=\"index, follow, max-snippet:-1, max-image-preview:large, max-video-preview:-1\" \/>\n<link rel=\"canonical\" href=\"https:\/\/ciastel.it\/it\/attivita\/slittare\/\" \/>\n<meta property=\"og:locale\" content=\"it_IT\" \/>\n<meta property=\"og:type\" content=\"article\" \/>\n<meta property=\"og:title\" content=\"Slittare a San Vigilio - Ciastel\" \/>\n<meta property=\"og:url\" content=\"https:\/\/ciastel.it\/it\/attivita\/slittare\/\" \/>\n<meta property=\"og:site_name\" content=\"Ciastel\" \/>\n<meta property=\"article:publisher\" content=\"https:\/\/www.facebook.com\/ciastel.it\/\" \/>\n<meta property=\"article:modified_time\" content=\"2018-09-27T18:05:35+00:00\" \/>\n<meta property=\"og:image\" content=\"https:\/\/ciastel.it\/wp-content\/uploads\/2017\/11\/Ciastel-Terrasse-1.jpg\" \/>\n\t<meta property=\"og:image:width\" content=\"2000\" \/>\n\t<meta property=\"og:image:height\" content=\"1420\" \/>\n\t<meta property=\"og:image:type\" content=\"image\/jpeg\" \/>\n<meta name=\"twitter:card\" content=\"summary_large_image\" \/>\n<meta name=\"twitter:label1\" content=\"Tempo di lettura stimato\" \/>\n\t<meta name=\"twitter:data1\" content=\"15 minuti\" \/>\n<script type=\"application\/ld+json\" class=\"yoast-schema-graph\">{\"@context\":\"https:\\\/\\\/schema.org\",\"@graph\":[{\"@type\":\"WebPage\",\"@id\":\"https:\\\/\\\/ciastel.it\\\/it\\\/attivita\\\/slittare\\\/\",\"url\":\"https:\\\/\\\/ciastel.it\\\/it\\\/attivita\\\/slittare\\\/\",\"name\":\"Slittare a San Vigilio - Ciastel\",\"isPartOf\":{\"@id\":\"https:\\\/\\\/ciastel.it\\\/#website\"},\"datePublished\":\"2017-10-27T13:09:31+00:00\",\"dateModified\":\"2018-09-27T18:05:35+00:00\",\"breadcrumb\":{\"@id\":\"https:\\\/\\\/ciastel.it\\\/it\\\/attivita\\\/slittare\\\/#breadcrumb\"},\"inLanguage\":\"it-IT\",\"potentialAction\":[{\"@type\":\"ReadAction\",\"target\":[\"https:\\\/\\\/ciastel.it\\\/it\\\/attivita\\\/slittare\\\/\"]}]},{\"@type\":\"BreadcrumbList\",\"@id\":\"https:\\\/\\\/ciastel.it\\\/it\\\/attivita\\\/slittare\\\/#breadcrumb\",\"itemListElement\":[{\"@type\":\"ListItem\",\"position\":1,\"name\":\"Startseite\",\"item\":\"https:\\\/\\\/ciastel.it\\\/it\\\/\"},{\"@type\":\"ListItem\",\"position\":2,\"name\":\"Attivit\u00e0\",\"item\":\"https:\\\/\\\/ciastel.it\\\/it\\\/attivita\\\/\"},{\"@type\":\"ListItem\",\"position\":3,\"name\":\"Slittare a San Vigilio\"}]},{\"@type\":\"WebSite\",\"@id\":\"https:\\\/\\\/ciastel.it\\\/#website\",\"url\":\"https:\\\/\\\/ciastel.it\\\/\",\"name\":\"Ciastel\",\"description\":\"\",\"potentialAction\":[{\"@type\":\"SearchAction\",\"target\":{\"@type\":\"EntryPoint\",\"urlTemplate\":\"https:\\\/\\\/ciastel.it\\\/?s={search_term_string}\"},\"query-input\":{\"@type\":\"PropertyValueSpecification\",\"valueRequired\":true,\"valueName\":\"search_term_string\"}}],\"inLanguage\":\"it-IT\"}]}<\/script>\n<!-- \/ Yoast SEO plugin. -->","yoast_head_json":{"title":"Slittare a San Vigilio - Ciastel","robots":{"index":"index","follow":"follow","max-snippet":"max-snippet:-1","max-image-preview":"max-image-preview:large","max-video-preview":"max-video-preview:-1"},"canonical":"https:\/\/ciastel.it\/it\/attivita\/slittare\/","og_locale":"it_IT","og_type":"article","og_title":"Slittare a San Vigilio - Ciastel","og_url":"https:\/\/ciastel.it\/it\/attivita\/slittare\/","og_site_name":"Ciastel","article_publisher":"https:\/\/www.facebook.com\/ciastel.it\/","article_modified_time":"2018-09-27T18:05:35+00:00","og_image":[{"width":2000,"height":1420,"url":"https:\/\/ciastel.it\/wp-content\/uploads\/2017\/11\/Ciastel-Terrasse-1.jpg","type":"image\/jpeg"}],"twitter_card":"summary_large_image","twitter_misc":{"Tempo di lettura stimato":"15 minuti"},"schema":{"@context":"https:\/\/schema.org","@graph":[{"@type":"WebPage","@id":"https:\/\/ciastel.it\/it\/attivita\/slittare\/","url":"https:\/\/ciastel.it\/it\/attivita\/slittare\/","name":"Slittare a San Vigilio - Ciastel","isPartOf":{"@id":"https:\/\/ciastel.it\/#website"},"datePublished":"2017-10-27T13:09:31+00:00","dateModified":"2018-09-27T18:05:35+00:00","breadcrumb":{"@id":"https:\/\/ciastel.it\/it\/attivita\/slittare\/#breadcrumb"},"inLanguage":"it-IT","potentialAction":[{"@type":"ReadAction","target":["https:\/\/ciastel.it\/it\/attivita\/slittare\/"]}]},{"@type":"BreadcrumbList","@id":"https:\/\/ciastel.it\/it\/attivita\/slittare\/#breadcrumb","itemListElement":[{"@type":"ListItem","position":1,"name":"Startseite","item":"https:\/\/ciastel.it\/it\/"},{"@type":"ListItem","position":2,"name":"Attivit\u00e0","item":"https:\/\/ciastel.it\/it\/attivita\/"},{"@type":"ListItem","position":3,"name":"Slittare a San Vigilio"}]},{"@type":"WebSite","@id":"https:\/\/ciastel.it\/#website","url":"https:\/\/ciastel.it\/","name":"Ciastel","description":"","potentialAction":[{"@type":"SearchAction","target":{"@type":"EntryPoint","urlTemplate":"https:\/\/ciastel.it\/?s={search_term_string}"},"query-input":{"@type":"PropertyValueSpecification","valueRequired":true,"valueName":"search_term_string"}}],"inLanguage":"it-IT"}]}},"_links":{"self":[{"href":"https:\/\/ciastel.it\/it\/wp-json\/wp\/v2\/pages\/3952","targetHints":{"allow":["GET"]}}],"collection":[{"href":"https:\/\/ciastel.it\/it\/wp-json\/wp\/v2\/pages"}],"about":[{"href":"https:\/\/ciastel.it\/it\/wp-json\/wp\/v2\/types\/page"}],"author":[{"embeddable":true,"href":"https:\/\/ciastel.it\/it\/wp-json\/wp\/v2\/users\/1"}],"replies":[{"embeddable":true,"href":"https:\/\/ciastel.it\/it\/wp-json\/wp\/v2\/comments?post=3952"}],"version-history":[{"count":34,"href":"https:\/\/ciastel.it\/it\/wp-json\/wp\/v2\/pages\/3952\/revisions"}],"predecessor-version":[{"id":5493,"href":"https:\/\/ciastel.it\/it\/wp-json\/wp\/v2\/pages\/3952\/revisions\/5493"}],"up":[{"embeddable":true,"href":"https:\/\/ciastel.it\/it\/wp-json\/wp\/v2\/pages\/3880"}],"wp:attachment":[{"href":"https:\/\/ciastel.it\/it\/wp-json\/wp\/v2\/media?parent=3952"}],"curies":[{"name":"wp","href":"https:\/\/api.w.org\/{rel}","templated":true}]}}